{"id":78,"date":"2023-06-20T14:09:10","date_gmt":"2023-06-20T14:09:10","guid":{"rendered":"https:\/\/ainalimentaciosana.com\/?page_id=78"},"modified":"2024-02-22T08:35:31","modified_gmt":"2024-02-22T08:35:31","slug":"sobre-mi","status":"publish","type":"page","link":"https:\/\/ainalimentaciosana.com\/es\/sobre-mi\/","title":{"rendered":"SOBRE MI"},"content":{"rendered":"<p>[et_pb_section fb_built=&#8221;1&#8243; _builder_version=&#8221;4.21.0&#8243; _module_preset=&#8221;default&#8221; background_enable_color=&#8221;off&#8221; background_image=&#8221;https:\/\/ainalimentaciosana.com\/wp-content\/uploads\/2023\/06\/2-1.png&#8221; global_colors_info=&#8221;{}&#8221;][et_pb_row _builder_version=&#8221;4.21.0&#8243; _module_preset=&#8221;default&#8221; custom_margin_tablet=&#8221;&#8221; custom_margin_phone=&#8221;-40px||||false|false&#8221; custom_margin_last_edited=&#8221;on|phone&#8221; hover_enabled=&#8221;0&#8243; global_colors_info=&#8221;{}&#8221; sticky_enabled=&#8221;0&#8243;][et_pb_column type=&#8221;4_4&#8243; _builder_version=&#8221;4.21.0&#8243; _module_preset=&#8221;default&#8221; global_colors_info=&#8221;{}&#8221;][et_pb_text _builder_version=&#8221;4.21.0&#8243; _module_preset=&#8221;default&#8221; text_font=&#8221;Manrope||||||||&#8221; text_text_color=&#8221;#000000&#8243; text_font_size=&#8221;7px&#8221; header_font=&#8221;Noto Serif||||||||&#8221; header_text_color=&#8221;#000000&#8243; header_font_size=&#8221;32px&#8221; custom_padding=&#8221;||0px|||&#8221; global_colors_info=&#8221;{}&#8221; custom_margin=&#8221;||12px|||&#8221;]<\/p>\n<h1>SOBRE MI<\/h1>\n<p>[\/et_pb_text][et_pb_text _builder_version=&#8221;4.24.1&#8243; _module_preset=&#8221;default&#8221; text_font=&#8221;Manrope||||||||&#8221; text_text_color=&#8221;#000000&#8243; hover_enabled=&#8221;0&#8243; global_colors_info=&#8221;{}&#8221; width=&#8221;49%&#8221; sticky_enabled=&#8221;0&#8243;]<\/p>\n<p data-sourcepos=\"1:1-1:87\" style=\"text-align: justify;\">Soc l&#8217;Aina Rabasa, dietista-nutricionista i especialitzada en Nutrici\u00f3 Esportiva.<\/p>\n<p data-sourcepos=\"3:1-3:183\" style=\"text-align: justify;\">Acumulo molts anys d&#8217;experi\u00e8ncia en consulta nutricional i cada vegada m&#8217;agrada i m&#8217;apassiona m\u00e9s la meva feina.<\/p>\n<p>[\/et_pb_text][\/et_pb_column][\/et_pb_row][et_pb_row _builder_version=&#8221;4.24.1&#8243; _module_preset=&#8221;default&#8221; column_structure=&#8221;1_2,1_2&#8243; custom_padding=&#8221;||8px|||&#8221;][et_pb_column _builder_version=&#8221;4.24.1&#8243; _module_preset=&#8221;default&#8221; type=&#8221;1_2&#8243;][et_pb_image src=&#8221;https:\/\/ainalimentaciosana.com\/wp-content\/uploads\/2023\/09\/DSC_3111-min-scaled.jpg&#8221; title_text=&#8221;DSC_3111-min&#8221; align=&#8221;center&#8221; _builder_version=&#8221;4.21.0&#8243; _module_preset=&#8221;default&#8221; max_width=&#8221;75%&#8221; global_colors_info=&#8221;{}&#8221;][\/et_pb_image][\/et_pb_column][et_pb_column _builder_version=&#8221;4.24.1&#8243; _module_preset=&#8221;default&#8221; type=&#8221;1_2&#8243;][et_pb_text _builder_version=&#8221;4.21.0&#8243; _module_preset=&#8221;default&#8221; text_font=&#8221;Manrope||||||||&#8221; text_text_color=&#8221;#000000&#8243; header_font=&#8221;Noto Serif||||||||&#8221; header_text_color=&#8221;#000000&#8243; header_font_size=&#8221;32px&#8221; custom_margin=&#8221;||11px||false|false&#8221; custom_padding=&#8221;1px||||false|false&#8221; locked=&#8221;off&#8221; global_colors_info=&#8221;{}&#8221;]<\/p>\n<h1><\/h1>\n<h1>\u2714 FORMACI\u00d3<\/h1>\n<p>[\/et_pb_text][et_pb_text _builder_version=&#8221;4.24.1&#8243; _module_preset=&#8221;default&#8221; text_font=&#8221;Manrope||||||||&#8221; text_text_color=&#8221;#000000&#8243; text_line_height=&#8221;1em&#8221; text_orientation=&#8221;justified&#8221; custom_margin=&#8221;||||false|false&#8221; custom_padding=&#8221;0px||0px|||&#8221; hover_enabled=&#8221;0&#8243; text_font_size_tablet=&#8221;&#8221; text_font_size_phone=&#8221;&#8221; text_font_size_last_edited=&#8221;on|phone&#8221; global_colors_info=&#8221;{}&#8221; sticky_enabled=&#8221;0&#8243;]<\/p>\n<ul style=\"text-align: justify;\">\n<li style=\"text-align: left;\">Diplomada en Nutrici\u00f3 Humana i Diet\u00e8tica per la UVIC.<\/li>\n<li style=\"text-align: left;\">Col\u00b7legiada n\u00fam. CAT000145 pel CODINUCAT.<\/li>\n<li style=\"text-align: left;\">M\u00e0ster internacional en Nutrici\u00f3 i Diet\u00e8tica. Aplicat a l&#8217;exercici f\u00edsic i als trastorns de la conducta aliment\u00e0ria.<\/li>\n<li style=\"text-align: left;\">Postgrau en Nutrici\u00f3 i Diet\u00e8tica aplicat a l&#8217;activitat f\u00edsica.<\/li>\n<li style=\"text-align: left;\">Diversos cursos sobre Nutrici\u00f3 Esportiva (online)<\/li>\n<li style=\"text-align: left;\">Antropometrista ISAK nivell 2.<\/li>\n<\/ul>\n<p>[\/et_pb_text][\/et_pb_column][\/et_pb_row][et_pb_row _builder_version=&#8221;4.24.1&#8243; _module_preset=&#8221;default&#8221;][et_pb_column _builder_version=&#8221;4.24.1&#8243; _module_preset=&#8221;default&#8221; type=&#8221;4_4&#8243;][et_pb_text _builder_version=&#8221;4.24.1&#8243; _module_preset=&#8221;default&#8221; text_font=&#8221;Manrope||||||||&#8221; text_text_color=&#8221;#000000&#8243; custom_margin=&#8221;||||false|false&#8221; hover_enabled=&#8221;0&#8243; text_font_size_tablet=&#8221;&#8221; text_font_size_phone=&#8221;&#8221; text_font_size_last_edited=&#8221;on|phone&#8221; global_colors_info=&#8221;{}&#8221; sticky_enabled=&#8221;0&#8243;]<\/p>\n<p style=\"text-align: justify;\">El que m\u00e9s m&#8217;agrada i em satisf\u00e0 \u00e9s veure com els meus pacients van aconseguint els seus objectius\u2026 des de la p\u00e8rdua de pes, trobar-se millor, tenir m\u00e9s energia i vitalitat, augment de massa muscular, millora de marcadors anal\u00edtics\u2026 en resum, la millora de la salut en general.<\/p>\n<p style=\"text-align: justify;\">M&#8217;apassiona l&#8217;esport, ja des de petita que vaig comen\u00e7ar amb el futbol i durant tots aquests anys he anat fent tota mena d&#8217;esport (CrossFit, running, nataci\u00f3\u2026) fins ara que el que m\u00e9s gaudeixo \u00e9s fent ciclisme, entre d&#8217;altres. \u00c9s per aix\u00f2 que em vaig especialitzar en nutrici\u00f3 esportiva, sobretot en esports m\u00e9s aer\u00f2bics (running, Trail, ciclisme, triatl\u00f3, spartans, futbol, \u200b\u200bb\u00e0squet\u2026). Tenir una bona alimentaci\u00f3 en el teu dia a dia i adaptada als teus entrenaments \u00e9s vital per poder rendir millor i treure el m\u00e0xim de cadasc\u00fa. Tamb\u00e9 preparo plans i estrat\u00e8gies nutricionals per a competicions.<\/p>\n<p style=\"text-align: justify;\">En definitiva, el meu objectiu \u00e9s que aprenguis a menjar de manera saludable i que arribis a aconseguir els teus objectius. Modificar i adaptar uns bons h\u00e0bits \u00e9s essencial per estar ben nodrits i mantenir una bona salut al llarg de la vida. La clau de l&#8217;\u00e8xit \u00e9s la nutrici\u00f3 personalitzada. Depenent dels objectius, els resultats de l&#8217;estudi de la composici\u00f3 corporal, la pr\u00e0ctica d&#8217;activitat f\u00edsica i els gustos alimentaris de cadasc\u00fa, es realitza la confecci\u00f3 de les pautes i del men\u00fa perqu\u00e8 tot sigui m\u00e9s f\u00e0cil.<\/p>\n<p>[\/et_pb_text][\/et_pb_column][\/et_pb_row][\/et_pb_section]<\/p>\n","protected":false},"excerpt":{"rendered":"<p>SOBRE MISoc l&#8217;Aina Rabasa, dietista-nutricionista i especialitzada en Nutrici\u00f3 Esportiva. Acumulo molts anys d&#8217;experi\u00e8ncia en consulta nutricional i cada vegada m&#8217;agrada i m&#8217;apassiona m\u00e9s la meva feina. \u2714 FORMACI\u00d3 Diplomada en Nutrici\u00f3 Humana i Diet\u00e8tica per la UVIC. Col\u00b7legiada n\u00fam. CAT000145 pel CODINUCAT. M\u00e0ster internacional en Nutrici\u00f3 i Diet\u00e8tica. Aplicat a l&#8217;exercici f\u00edsic i als [&hellip;]<\/p>\n","protected":false},"author":1,"featured_media":0,"parent":0,"menu_order":0,"comment_status":"closed","ping_status":"closed","template":"","meta":{"_et_pb_use_builder":"on","_et_pb_old_content":"","_et_gb_content_width":"","_joinchat":[],"footnotes":""},"class_list":["post-78","page","type-page","status-publish","hentry"],"yoast_head":"<!-- This site is optimized with the Yoast SEO plugin v27.3 - https:\/\/yoast.com\/product\/yoast-seo-wordpress\/ -->\n<title>SOBRE MI - Aina Alimentaci\u00f3 Sana<\/title>\n<meta name=\"description\" content=\"S\u00f3c Aina Rabasa, dietista-nutricionista i especialia en nutrici\u00f3 Esportiva.\" \/>\n<meta name=\"robots\" content=\"index, follow, max-snippet:-1, max-image-preview:large, max-video-preview:-1\" \/>\n<link rel=\"canonical\" href=\"https:\/\/ainalimentaciosana.com\/es\/sobre-mi\/\" \/>\n<meta property=\"og:locale\" content=\"es_ES\" \/>\n<meta property=\"og:type\" content=\"article\" \/>\n<meta property=\"og:title\" content=\"SOBRE MI - Aina Alimentaci\u00f3 Sana\" \/>\n<meta property=\"og:description\" content=\"S\u00f3c Aina Rabasa, dietista-nutricionista i especialia en nutrici\u00f3 Esportiva.\" \/>\n<meta property=\"og:url\" content=\"https:\/\/ainalimentaciosana.com\/es\/sobre-mi\/\" \/>\n<meta property=\"og:site_name\" content=\"Aina Alimentaci\u00f3 Sana\" \/>\n<meta property=\"article:modified_time\" content=\"2024-02-22T08:35:31+00:00\" \/>\n<meta name=\"twitter:card\" content=\"summary_large_image\" \/>\n<meta name=\"twitter:label1\" content=\"Tiempo de lectura\" \/>\n\t<meta name=\"twitter:data1\" content=\"2 minutos\" \/>\n<script type=\"application\/ld+json\" class=\"yoast-schema-graph\">{\"@context\":\"https:\\\/\\\/schema.org\",\"@graph\":[{\"@type\":\"WebPage\",\"@id\":\"https:\\\/\\\/ainalimentaciosana.com\\\/sobre-mi\\\/\",\"url\":\"https:\\\/\\\/ainalimentaciosana.com\\\/sobre-mi\\\/\",\"name\":\"SOBRE MI - Aina Alimentaci\u00f3 Sana\",\"isPartOf\":{\"@id\":\"https:\\\/\\\/ainalimentaciosana.com\\\/#website\"},\"datePublished\":\"2023-06-20T14:09:10+00:00\",\"dateModified\":\"2024-02-22T08:35:31+00:00\",\"description\":\"S\u00f3c Aina Rabasa, dietista-nutricionista i especialia en nutrici\u00f3 Esportiva.\",\"breadcrumb\":{\"@id\":\"https:\\\/\\\/ainalimentaciosana.com\\\/sobre-mi\\\/#breadcrumb\"},\"inLanguage\":\"es\",\"potentialAction\":[{\"@type\":\"ReadAction\",\"target\":[\"https:\\\/\\\/ainalimentaciosana.com\\\/sobre-mi\\\/\"]}]},{\"@type\":\"BreadcrumbList\",\"@id\":\"https:\\\/\\\/ainalimentaciosana.com\\\/sobre-mi\\\/#breadcrumb\",\"itemListElement\":[{\"@type\":\"ListItem\",\"position\":1,\"name\":\"Portada\",\"item\":\"https:\\\/\\\/ainalimentaciosana.com\\\/\"},{\"@type\":\"ListItem\",\"position\":2,\"name\":\"SOBRE MI\"}]},{\"@type\":\"WebSite\",\"@id\":\"https:\\\/\\\/ainalimentaciosana.com\\\/#website\",\"url\":\"https:\\\/\\\/ainalimentaciosana.com\\\/\",\"name\":\"Aina Alimentaci\u00f3 Sana\",\"description\":\"\",\"publisher\":{\"@id\":\"https:\\\/\\\/ainalimentaciosana.com\\\/#organization\"},\"potentialAction\":[{\"@type\":\"SearchAction\",\"target\":{\"@type\":\"EntryPoint\",\"urlTemplate\":\"https:\\\/\\\/ainalimentaciosana.com\\\/?s={search_term_string}\"},\"query-input\":{\"@type\":\"PropertyValueSpecification\",\"valueRequired\":true,\"valueName\":\"search_term_string\"}}],\"inLanguage\":\"es\"},{\"@type\":\"Organization\",\"@id\":\"https:\\\/\\\/ainalimentaciosana.com\\\/#organization\",\"name\":\"Aina Alimentaci\u00f3 Sana\",\"url\":\"https:\\\/\\\/ainalimentaciosana.com\\\/\",\"logo\":{\"@type\":\"ImageObject\",\"inLanguage\":\"es\",\"@id\":\"https:\\\/\\\/ainalimentaciosana.com\\\/#\\\/schema\\\/logo\\\/image\\\/\",\"url\":\"https:\\\/\\\/ainalimentaciosana.com\\\/wp-content\\\/uploads\\\/2023\\\/06\\\/Diseno-sin-titulo-4.png\",\"contentUrl\":\"https:\\\/\\\/ainalimentaciosana.com\\\/wp-content\\\/uploads\\\/2023\\\/06\\\/Diseno-sin-titulo-4.png\",\"width\":1080,\"height\":1080,\"caption\":\"Aina Alimentaci\u00f3 Sana\"},\"image\":{\"@id\":\"https:\\\/\\\/ainalimentaciosana.com\\\/#\\\/schema\\\/logo\\\/image\\\/\"}}]}<\/script>\n<!-- \/ Yoast SEO plugin. -->","yoast_head_json":{"title":"SOBRE MI - Aina Alimentaci\u00f3 Sana","description":"Soy Aina Rabasa, dietista-nutricionistsa y especialiaa en nutrici\u00f3n Deportiva.","robots":{"index":"index","follow":"follow","max-snippet":"max-snippet:-1","max-image-preview":"max-image-preview:large","max-video-preview":"max-video-preview:-1"},"canonical":"https:\/\/ainalimentaciosana.com\/es\/sobre-mi\/","og_locale":"es_ES","og_type":"article","og_title":"SOBRE MI - Aina Alimentaci\u00f3 Sana","og_description":"S\u00f3c Aina Rabasa, dietista-nutricionista i especialia en nutrici\u00f3 Esportiva.","og_url":"https:\/\/ainalimentaciosana.com\/es\/sobre-mi\/","og_site_name":"Aina Alimentaci\u00f3 Sana","article_modified_time":"2024-02-22T08:35:31+00:00","twitter_card":"summary_large_image","twitter_misc":{"Tiempo de lectura":"2 minutos"},"schema":{"@context":"https:\/\/schema.org","@graph":[{"@type":"WebPage","@id":"https:\/\/ainalimentaciosana.com\/sobre-mi\/","url":"https:\/\/ainalimentaciosana.com\/sobre-mi\/","name":"SOBRE MI - Aina Alimentaci\u00f3 Sana","isPartOf":{"@id":"https:\/\/ainalimentaciosana.com\/#website"},"datePublished":"2023-06-20T14:09:10+00:00","dateModified":"2024-02-22T08:35:31+00:00","description":"Soy Aina Rabasa, dietista-nutricionistsa y especialiaa en nutrici\u00f3n Deportiva.","breadcrumb":{"@id":"https:\/\/ainalimentaciosana.com\/sobre-mi\/#breadcrumb"},"inLanguage":"es","potentialAction":[{"@type":"ReadAction","target":["https:\/\/ainalimentaciosana.com\/sobre-mi\/"]}]},{"@type":"BreadcrumbList","@id":"https:\/\/ainalimentaciosana.com\/sobre-mi\/#breadcrumb","itemListElement":[{"@type":"ListItem","position":1,"name":"Portada","item":"https:\/\/ainalimentaciosana.com\/"},{"@type":"ListItem","position":2,"name":"SOBRE MI"}]},{"@type":"WebSite","@id":"https:\/\/ainalimentaciosana.com\/#website","url":"https:\/\/ainalimentaciosana.com\/","name":"Aina Alimentaci\u00f3 Sana","description":"","publisher":{"@id":"https:\/\/ainalimentaciosana.com\/#organization"},"potentialAction":[{"@type":"SearchAction","target":{"@type":"EntryPoint","urlTemplate":"https:\/\/ainalimentaciosana.com\/?s={search_term_string}"},"query-input":{"@type":"PropertyValueSpecification","valueRequired":true,"valueName":"search_term_string"}}],"inLanguage":"es"},{"@type":"Organization","@id":"https:\/\/ainalimentaciosana.com\/#organization","name":"Aina Alimentaci\u00f3 Sana","url":"https:\/\/ainalimentaciosana.com\/","logo":{"@type":"ImageObject","inLanguage":"es","@id":"https:\/\/ainalimentaciosana.com\/#\/schema\/logo\/image\/","url":"https:\/\/ainalimentaciosana.com\/wp-content\/uploads\/2023\/06\/Diseno-sin-titulo-4.png","contentUrl":"https:\/\/ainalimentaciosana.com\/wp-content\/uploads\/2023\/06\/Diseno-sin-titulo-4.png","width":1080,"height":1080,"caption":"Aina Alimentaci\u00f3 Sana"},"image":{"@id":"https:\/\/ainalimentaciosana.com\/#\/schema\/logo\/image\/"}}]}},"_links":{"self":[{"href":"https:\/\/ainalimentaciosana.com\/es\/wp-json\/wp\/v2\/pages\/78","targetHints":{"allow":["GET"]}}],"collection":[{"href":"https:\/\/ainalimentaciosana.com\/es\/wp-json\/wp\/v2\/pages"}],"about":[{"href":"https:\/\/ainalimentaciosana.com\/es\/wp-json\/wp\/v2\/types\/page"}],"author":[{"embeddable":true,"href":"https:\/\/ainalimentaciosana.com\/es\/wp-json\/wp\/v2\/users\/1"}],"replies":[{"embeddable":true,"href":"https:\/\/ainalimentaciosana.com\/es\/wp-json\/wp\/v2\/comments?post=78"}],"version-history":[{"count":58,"href":"https:\/\/ainalimentaciosana.com\/es\/wp-json\/wp\/v2\/pages\/78\/revisions"}],"predecessor-version":[{"id":1050,"href":"https:\/\/ainalimentaciosana.com\/es\/wp-json\/wp\/v2\/pages\/78\/revisions\/1050"}],"wp:attachment":[{"href":"https:\/\/ainalimentaciosana.com\/es\/wp-json\/wp\/v2\/media?parent=78"}],"curies":[{"name":"wp","href":"https:\/\/api.w.org\/{rel}","templated":true}]}}