{"id":290,"date":"2023-06-26T10:15:50","date_gmt":"2023-06-26T10:15:50","guid":{"rendered":"https:\/\/ainalimentaciosana.com\/?page_id=290"},"modified":"2023-06-29T07:30:39","modified_gmt":"2023-06-29T07:30:39","slug":"politica-de-privacitat-i-proteccio-de-dades","status":"publish","type":"page","link":"https:\/\/ainalimentaciosana.com\/es\/politica-de-privacitat-i-proteccio-de-dades\/","title":{"rendered":"Pol\u00edtica de privacidad y protecci\u00f3n de datos"},"content":{"rendered":"\n[et_pb_section fb_built=&#8221;1&#8243; theme_builder_area=&#8221;post_content&#8221; _builder_version=&#8221;4.21.0&#8243; _module_preset=&#8221;default&#8221;][et_pb_row _builder_version=&#8221;4.21.0&#8243; _module_preset=&#8221;default&#8221; theme_builder_area=&#8221;post_content&#8221;][et_pb_column _builder_version=&#8221;4.21.0&#8243; _module_preset=&#8221;default&#8221; type=&#8221;4_4&#8243; theme_builder_area=&#8221;post_content&#8221;][et_pb_text _builder_version=&#8221;4.21.0&#8243; _module_preset=&#8221;default&#8221; theme_builder_area=&#8221;post_content&#8221; hover_enabled=&#8221;0&#8243; sticky_enabled=&#8221;0&#8243; header_font=&#8221;Baskervville|700|||||||&#8221; header_text_color=&#8221;#000000&#8243;]<h1 id=\"titleToShare\">Pol\u00edtica de privacitat i protecci\u00f3 de dades<\/h1>[\/et_pb_text][\/et_pb_column][\/et_pb_row][et_pb_row _builder_version=&#8221;4.21.0&#8243; _module_preset=&#8221;default&#8221; theme_builder_area=&#8221;post_content&#8221;][et_pb_column _builder_version=&#8221;4.21.0&#8243; _module_preset=&#8221;default&#8221; type=&#8221;4_4&#8243; theme_builder_area=&#8221;post_content&#8221;][et_pb_text _builder_version=&#8221;4.21.0&#8243; _module_preset=&#8221;default&#8221; theme_builder_area=&#8221;post_content&#8221; hover_enabled=&#8221;0&#8243; sticky_enabled=&#8221;0&#8243;]<p>El<span>\u00a0<\/span><strong>Ministeri de Asun\u200btos Econ\u00f2mics i Transformaci\u00f3 Digital<\/strong><span>\u00a0<\/span>\u00e9s l&#8217;entitat responsable del tractament de les dades de car\u00e0cter personal suminis\u200b*trados pels usuaris en els Portals Web i Seus Electr\u00f2niques.<\/p>\n<p>De conformitat amb el que s&#8217;estableix en el Reglament General de Protecci\u00f3 de Dades, Reglament (UE) 2016\/679 del Parlament Europeu i del Consell de 27 d&#8217;abril del 2016, el Ministeri es compromet al compliment de la seva obligaci\u00f3 de secret respecte a les dades de car\u00e0cter personal i al deure de tractar-los amb confidencialitat. A aquest efecte, adoptar\u00e0 les mesures necess\u00e0ries per a evitar la seva alteraci\u00f3, p\u00e8rdua, tractament o acc\u00e9s no autoritzat.<\/p>\n<p>Aquest av\u00eds legal \u00e9s aplicable a les p\u00e0gines dels Portals Web i Seus Electr\u00f2niques, no es garanteix en els accessos a trav\u00e9s d&#8217;enlla\u00e7os amb aquests llocs, ni als enlla\u00e7os des d&#8217;aix\u00f2 llocs amb altres webs.<\/p>\n<p>Pot dirigir-se al de el\u200begado de Protecci\u00f3 de Dades a trav\u00e9s de: \u200b<a href=\"mailto:dpd@economia.gob.es%E2%80%8B\">dpd@economia.gob.es\u200b\u200b<\/a><\/p>\n<h2>Pol\u00edtica de protecci\u00f3 de dades<\/h2>\n<h3><strong>Recollida de dades personals<\/strong><\/h3>\n<p><strong>A fi de prestar els serveis que li corresponen<\/strong>, el Ministeri podr\u00e0 sol\u00b7licitar a trav\u00e9s de formul\u00e0ries dades personals que amb car\u00e0cter general seran tractats d&#8217;acord amb el que s&#8217;estableix en el Reglament General de Protecci\u00f3 de Dades, Reglament (UE) 2016\/679 del Parlament Europeu i del Consell de 27 d&#8217;abril del 2016<span>\u00a0<\/span><strong>(RGPD) i a la Llei org\u00e0nica \u00a0 3\/2018 de Protecci\u00f3 de Dades Personals i Garantia dels Drets Digitals, aprovada el 5 de desembre de 2018 (LOPDyGDD).<\/strong><\/p>\n<p>El Ministeri informar\u00e0 i pot recollir dades de les seg\u00fcents categories de dades personals:<\/p>\n<ul>\n<li>Dades identificatives i de contacte (incloses adreces postals i\/o electr\u00f2niques).<\/li>\n<li>Codis o claus d&#8217;identificaci\u00f3 per a acc\u00e9s i operativa en el Portal i la la Seu electr\u00f2nica.<\/li>\n<li>Dades transaccionals, aix\u00f2 \u00e9s, qualsevol operaci\u00f3, moviment i consulta associat a qualsevol dels serveis i procediments administratius que un usuari mantingui amb el Ministeri.<\/li>\n<li>Dades socioecon\u00f2miques i laborals.<\/li>\n<li>Dades de representaci\u00f3 legal.<\/li>\n<\/ul>\n<h3><strong>Responsables del Tractament<\/strong><\/h3>\n<p>Les activitats de tractament de dades personals corresponen a diferents Responsables de Tractament, en funci\u00f3 del servei prestat pel<span>\u00a0<\/span><strong>Ministeri d&#8217;Assumptes Econ\u00f2mics i Transformaci\u00f3 Digital.<\/strong><span>\u00a0<\/span>El Registre d&#8217;Activitats de Tractament (RAT), publicat i descargable en aquest lloc, identifica als responsables de tots els tractaments registrats en el Ministeri.<\/p>\n<h3><strong>Finalitats de les activitats de tractament i la seva legitimaci\u00f3<\/strong><\/h3>\n<p>A trav\u00e9s dels Portals Web i Seus Electr\u00f2niques, no es recullen dades personals sense la deguda legitimitat. Les dades aportades per l&#8217;interessat s&#8217;utilitzaran, amb car\u00e0cter \u00fanic i exclusiu, per als fins previstos en cada procediment o actuaci\u00f3.<\/p>\n<p>La recollida i tractament de les dades personals t\u00e9 com a finalitat general la gesti\u00f3, prestaci\u00f3 i millora dels serveis i la tramitaci\u00f3 dels procediments administratius relacionats amb el Ministeri d&#8217;Economia i Empresa aix\u00ed com qualsevol altre servei sol\u00b7licitat a cada moment per l&#8217;usuari i el seguiment i la resposta a les consultes plantejades per aquests.<\/p>\n<p>El tractament de les dades personals recollits pel Ministeri\u00a0 pot tenir finalitats addicionals, totes elles justificades pel consentiment expl\u00edcit de l&#8217;usuari o per la legitimaci\u00f3 que al Ministeri li confereixen les Lleis i disposicions normatives que regulen els serveis oferts i els respectius procediments, d&#8217;acord amb els sup\u00f2sits de licitud dels tractaments previstos pel art 6 del Reglament (RGPD).\u201d<\/p>\n<p>Les diferents finalitats i les seves legitimacions poden consultar-se en l&#8217;acc\u00e9s a cadascun dels serveis i procediments oferts pel Ministeri; i amb car\u00e0cter general, en el RAT publicat en compliment del que es preveu en l&#8217;art. 31.2 de la Llei org\u00e0nica 3\/2018 (LOPDyGDD).<\/p>\n<h3><strong>Consentiment Expl\u00edcit<\/strong><\/h3>\n<p>Una vegada informat de la mena de dades necess\u00e0ries per a la prestaci\u00f3 dels serveis i procediments administratius associats, les activitats de tractament que es realitzar\u00e0, la seva finalitat i la seva legitimaci\u00f3, es recaptar\u00e0 el consentiment expr\u00e9s quan sigui necessari\u00a0perqu\u00e8 el Ministeri realitzi les activitats de tractament de les dades personals proporcionades per l&#8217;usuari dels serveis.<\/p>\n<h3><strong>Destinataris, cessi\u00f3 i transfer\u00e8ncia de dades<\/strong><\/h3>\n<p>De manera general el Ministeri d&#8217;Assumptes Econ\u00f2mics i Transformaci\u00f3 Digital \u00e9s l&#8217;\u00fanic destinatari de les dades recaptades. En cap cas les referides dades seran objecte de tractament o de cessi\u00f3 a tercers, si no \u00e9s amb el consentiment expr\u00e9s de l&#8217;afectat, excepte autoritzaci\u00f3 legal,\u00a0segons els sup\u00f2sits previstos per la normativa legal vigent.<\/p>\n<p>Quan el servei prestat o el seu procediment associat inclogui obligacions legals derivades de la legitimaci\u00f3 del tractament que requereixin la cessi\u00f3 o transfer\u00e8ncia a tercers s&#8217;indicaran les terceres parts destinat\u00e0ries d&#8217;aquestes dades i les finalitats de les seves activitats de tractament.<\/p>\n<p>En el seu cas, es recaptar\u00e0 el consentiment expr\u00e9s de l&#8217;usuari per a tals cessions i transfer\u00e8ncies de dades. Es demanar\u00e0 de manera separada i espec\u00edfica el consentiment quan la transfer\u00e8ncia de dades sigui internacional.<\/p>\n<h3><strong>Per\u00edode de conservaci\u00f3 de les dades<\/strong><\/h3>\n<p>Les dades es conservaran durant el temps imprescindible per a atendre els serveis oferts pel Ministeri sobre la base de la legislaci\u00f3 administrativa respecte a la prescripci\u00f3 de responsabilitats.<\/p>[\/et_pb_text][\/et_pb_column][\/et_pb_row][\/et_pb_section]\n","protected":false},"excerpt":{"rendered":"<p>Pol\u00edtica de privacitat i protecci\u00f3 de dadesEl\u00a0Ministeri de Asun\u200btos Econ\u00f2mics i Transformaci\u00f3 Digital\u00a0\u00e9s l&#8217;entitat responsable del tractament de les dades de car\u00e0cter personal suminis\u200b*trados pels usuaris en els Portals Web i Seus Electr\u00f2niques. De conformitat amb el que s&#8217;estableix en el Reglament General de Protecci\u00f3 de Dades, Reglament (UE) 2016\/679 del Parlament Europeu i del [&hellip;]<\/p>\n","protected":false},"author":1,"featured_media":0,"parent":0,"menu_order":0,"comment_status":"closed","ping_status":"closed","template":"","meta":{"_et_pb_use_builder":"on","_et_pb_old_content":"","_et_gb_content_width":"","_joinchat":[],"footnotes":""},"class_list":["post-290","page","type-page","status-publish","hentry"],"yoast_head":"<!-- This site is optimized with the Yoast SEO plugin v27.3 - https:\/\/yoast.com\/product\/yoast-seo-wordpress\/ -->\n<title>Pol\u00edtica de privacitat i protecci\u00f3 de dades - Aina Alimentaci\u00f3 Sana<\/title>\n<meta name=\"description\" content=\"De conformitat amb el que s\u2019estableix en el Reglament General de Protecci\u00f3 de Dades\" \/>\n<meta name=\"robots\" content=\"index, follow, max-snippet:-1, max-image-preview:large, max-video-preview:-1\" \/>\n<link rel=\"canonical\" href=\"https:\/\/ainalimentaciosana.com\/es\/politica-de-privacitat-i-proteccio-de-dades\/\" \/>\n<meta property=\"og:locale\" content=\"es_ES\" \/>\n<meta property=\"og:type\" content=\"article\" \/>\n<meta property=\"og:title\" content=\"Pol\u00edtica de privacitat i protecci\u00f3 de dades - Aina Alimentaci\u00f3 Sana\" \/>\n<meta property=\"og:description\" content=\"De conformitat amb el que s\u2019estableix en el Reglament General de Protecci\u00f3 de Dades\" \/>\n<meta property=\"og:url\" content=\"https:\/\/ainalimentaciosana.com\/es\/politica-de-privacitat-i-proteccio-de-dades\/\" \/>\n<meta property=\"og:site_name\" content=\"Aina Alimentaci\u00f3 Sana\" \/>\n<meta property=\"article:modified_time\" content=\"2023-06-29T07:30:39+00:00\" \/>\n<meta name=\"twitter:card\" content=\"summary_large_image\" \/>\n<meta name=\"twitter:label1\" content=\"Tiempo de lectura\" \/>\n\t<meta name=\"twitter:data1\" content=\"4 minutos\" \/>\n<script type=\"application\/ld+json\" class=\"yoast-schema-graph\">{\"@context\":\"https:\\\/\\\/schema.org\",\"@graph\":[{\"@type\":\"WebPage\",\"@id\":\"https:\\\/\\\/ainalimentaciosana.com\\\/politica-de-privacitat-i-proteccio-de-dades\\\/\",\"url\":\"https:\\\/\\\/ainalimentaciosana.com\\\/politica-de-privacitat-i-proteccio-de-dades\\\/\",\"name\":\"Pol\u00edtica de privacitat i protecci\u00f3 de dades - Aina Alimentaci\u00f3 Sana\",\"isPartOf\":{\"@id\":\"https:\\\/\\\/ainalimentaciosana.com\\\/#website\"},\"datePublished\":\"2023-06-26T10:15:50+00:00\",\"dateModified\":\"2023-06-29T07:30:39+00:00\",\"description\":\"De conformitat amb el que s\u2019estableix en el Reglament General de Protecci\u00f3 de Dades\",\"breadcrumb\":{\"@id\":\"https:\\\/\\\/ainalimentaciosana.com\\\/politica-de-privacitat-i-proteccio-de-dades\\\/#breadcrumb\"},\"inLanguage\":\"es\",\"potentialAction\":[{\"@type\":\"ReadAction\",\"target\":[\"https:\\\/\\\/ainalimentaciosana.com\\\/politica-de-privacitat-i-proteccio-de-dades\\\/\"]}]},{\"@type\":\"BreadcrumbList\",\"@id\":\"https:\\\/\\\/ainalimentaciosana.com\\\/politica-de-privacitat-i-proteccio-de-dades\\\/#breadcrumb\",\"itemListElement\":[{\"@type\":\"ListItem\",\"position\":1,\"name\":\"Portada\",\"item\":\"https:\\\/\\\/ainalimentaciosana.com\\\/\"},{\"@type\":\"ListItem\",\"position\":2,\"name\":\"Pol\u00edtica de privacitat i protecci\u00f3 de dades\"}]},{\"@type\":\"WebSite\",\"@id\":\"https:\\\/\\\/ainalimentaciosana.com\\\/#website\",\"url\":\"https:\\\/\\\/ainalimentaciosana.com\\\/\",\"name\":\"Aina Alimentaci\u00f3 Sana\",\"description\":\"\",\"publisher\":{\"@id\":\"https:\\\/\\\/ainalimentaciosana.com\\\/#organization\"},\"potentialAction\":[{\"@type\":\"SearchAction\",\"target\":{\"@type\":\"EntryPoint\",\"urlTemplate\":\"https:\\\/\\\/ainalimentaciosana.com\\\/?s={search_term_string}\"},\"query-input\":{\"@type\":\"PropertyValueSpecification\",\"valueRequired\":true,\"valueName\":\"search_term_string\"}}],\"inLanguage\":\"es\"},{\"@type\":\"Organization\",\"@id\":\"https:\\\/\\\/ainalimentaciosana.com\\\/#organization\",\"name\":\"Aina Alimentaci\u00f3 Sana\",\"url\":\"https:\\\/\\\/ainalimentaciosana.com\\\/\",\"logo\":{\"@type\":\"ImageObject\",\"inLanguage\":\"es\",\"@id\":\"https:\\\/\\\/ainalimentaciosana.com\\\/#\\\/schema\\\/logo\\\/image\\\/\",\"url\":\"https:\\\/\\\/ainalimentaciosana.com\\\/wp-content\\\/uploads\\\/2023\\\/06\\\/Diseno-sin-titulo-4.png\",\"contentUrl\":\"https:\\\/\\\/ainalimentaciosana.com\\\/wp-content\\\/uploads\\\/2023\\\/06\\\/Diseno-sin-titulo-4.png\",\"width\":1080,\"height\":1080,\"caption\":\"Aina Alimentaci\u00f3 Sana\"},\"image\":{\"@id\":\"https:\\\/\\\/ainalimentaciosana.com\\\/#\\\/schema\\\/logo\\\/image\\\/\"}}]}<\/script>\n<!-- \/ Yoast SEO plugin. -->","yoast_head_json":{"title":"Pol\u00edtica de privacitat i protecci\u00f3 de dades - Aina Alimentaci\u00f3 Sana","description":"De conformitat amb el que s\u2019estableix en el Reglament General de Protecci\u00f3 de Dades","robots":{"index":"index","follow":"follow","max-snippet":"max-snippet:-1","max-image-preview":"max-image-preview:large","max-video-preview":"max-video-preview:-1"},"canonical":"https:\/\/ainalimentaciosana.com\/es\/politica-de-privacitat-i-proteccio-de-dades\/","og_locale":"es_ES","og_type":"article","og_title":"Pol\u00edtica de privacitat i protecci\u00f3 de dades - Aina Alimentaci\u00f3 Sana","og_description":"De conformitat amb el que s\u2019estableix en el Reglament General de Protecci\u00f3 de Dades","og_url":"https:\/\/ainalimentaciosana.com\/es\/politica-de-privacitat-i-proteccio-de-dades\/","og_site_name":"Aina Alimentaci\u00f3 Sana","article_modified_time":"2023-06-29T07:30:39+00:00","twitter_card":"summary_large_image","twitter_misc":{"Tiempo de lectura":"4 minutos"},"schema":{"@context":"https:\/\/schema.org","@graph":[{"@type":"WebPage","@id":"https:\/\/ainalimentaciosana.com\/politica-de-privacitat-i-proteccio-de-dades\/","url":"https:\/\/ainalimentaciosana.com\/politica-de-privacitat-i-proteccio-de-dades\/","name":"Pol\u00edtica de privacitat i protecci\u00f3 de dades - Aina Alimentaci\u00f3 Sana","isPartOf":{"@id":"https:\/\/ainalimentaciosana.com\/#website"},"datePublished":"2023-06-26T10:15:50+00:00","dateModified":"2023-06-29T07:30:39+00:00","description":"De conformitat amb el que s\u2019estableix en el Reglament General de Protecci\u00f3 de Dades","breadcrumb":{"@id":"https:\/\/ainalimentaciosana.com\/politica-de-privacitat-i-proteccio-de-dades\/#breadcrumb"},"inLanguage":"es","potentialAction":[{"@type":"ReadAction","target":["https:\/\/ainalimentaciosana.com\/politica-de-privacitat-i-proteccio-de-dades\/"]}]},{"@type":"BreadcrumbList","@id":"https:\/\/ainalimentaciosana.com\/politica-de-privacitat-i-proteccio-de-dades\/#breadcrumb","itemListElement":[{"@type":"ListItem","position":1,"name":"Portada","item":"https:\/\/ainalimentaciosana.com\/"},{"@type":"ListItem","position":2,"name":"Pol\u00edtica de privacitat i protecci\u00f3 de dades"}]},{"@type":"WebSite","@id":"https:\/\/ainalimentaciosana.com\/#website","url":"https:\/\/ainalimentaciosana.com\/","name":"Aina Alimentaci\u00f3 Sana","description":"","publisher":{"@id":"https:\/\/ainalimentaciosana.com\/#organization"},"potentialAction":[{"@type":"SearchAction","target":{"@type":"EntryPoint","urlTemplate":"https:\/\/ainalimentaciosana.com\/?s={search_term_string}"},"query-input":{"@type":"PropertyValueSpecification","valueRequired":true,"valueName":"search_term_string"}}],"inLanguage":"es"},{"@type":"Organization","@id":"https:\/\/ainalimentaciosana.com\/#organization","name":"Aina Alimentaci\u00f3 Sana","url":"https:\/\/ainalimentaciosana.com\/","logo":{"@type":"ImageObject","inLanguage":"es","@id":"https:\/\/ainalimentaciosana.com\/#\/schema\/logo\/image\/","url":"https:\/\/ainalimentaciosana.com\/wp-content\/uploads\/2023\/06\/Diseno-sin-titulo-4.png","contentUrl":"https:\/\/ainalimentaciosana.com\/wp-content\/uploads\/2023\/06\/Diseno-sin-titulo-4.png","width":1080,"height":1080,"caption":"Aina Alimentaci\u00f3 Sana"},"image":{"@id":"https:\/\/ainalimentaciosana.com\/#\/schema\/logo\/image\/"}}]}},"_links":{"self":[{"href":"https:\/\/ainalimentaciosana.com\/es\/wp-json\/wp\/v2\/pages\/290","targetHints":{"allow":["GET"]}}],"collection":[{"href":"https:\/\/ainalimentaciosana.com\/es\/wp-json\/wp\/v2\/pages"}],"about":[{"href":"https:\/\/ainalimentaciosana.com\/es\/wp-json\/wp\/v2\/types\/page"}],"author":[{"embeddable":true,"href":"https:\/\/ainalimentaciosana.com\/es\/wp-json\/wp\/v2\/users\/1"}],"replies":[{"embeddable":true,"href":"https:\/\/ainalimentaciosana.com\/es\/wp-json\/wp\/v2\/comments?post=290"}],"version-history":[{"count":5,"href":"https:\/\/ainalimentaciosana.com\/es\/wp-json\/wp\/v2\/pages\/290\/revisions"}],"predecessor-version":[{"id":471,"href":"https:\/\/ainalimentaciosana.com\/es\/wp-json\/wp\/v2\/pages\/290\/revisions\/471"}],"wp:attachment":[{"href":"https:\/\/ainalimentaciosana.com\/es\/wp-json\/wp\/v2\/media?parent=290"}],"curies":[{"name":"wp","href":"https:\/\/api.w.org\/{rel}","templated":true}]}}